{"id":116,"date":"2016-04-28T14:22:25","date_gmt":"2016-04-28T12:22:25","guid":{"rendered":"http:\/\/wp-neu.feuerwehr-schwaikheim.de\/?page_id=116"},"modified":"2021-12-09T15:30:53","modified_gmt":"2021-12-09T14:30:53","slug":"impressum","status":"publish","type":"page","link":"http:\/\/feuerwehr-schwaikheim.de\/index.php\/impressum\/","title":{"rendered":"Impressum"},"content":{"rendered":"<p class=\"bodytext\">Freiwillige Feuerwehr\u00a0Schwaikheim<br \/>\nStefan Rauleder (Kommandant)<br \/>\nAhornweg 6<br \/>\n71409\u00a0Schwaikheim<br \/>\nTelefon: +49 7195 \/ 950949<br \/>\nFax: +49 7195 \/ 950944<br \/>\nEmail: kommandant\u00a0(at) feuerwehr-schwaikheim.de<br \/>\nInternet: www.feuerwehr-schwaikheim.de<\/p>\n<p><b>Dienstanbieter i.S.v. \u00a7 10 Abs.1 MedStV:<\/b><br \/>\nGemeinde Schwaikheim, vertr. durch B\u00fcrgermeisterin Dr. Astrid Loff<br \/>\nMarktplatz 2-4<br \/>\n71409 Schwaikheim<br \/>\nTelefon: +49 7195 \/ 582-0<br \/>\nFax: +49 7195 \/\u00a0582-49<br \/>\nEmail:\u00a0gemeinde (at) schwaikheim.de<\/p>\n<p><b>Verantwortlich nach \u00a7 10 Abs.3 MedStV:<\/b><br \/>\nJan Mutschler<br \/>\nFichtenstra\u00dfe 12<br \/>\n71409 Schwaikheim<br \/>\nEmail:\u00a0webmaster (at) feuerwehr-schwaikheim.de<\/p>\n<div class=\"csc-header csc-header-n2\">\n<div>______________________________________________________________________<\/div>\n<div><\/div>\n<div><span style=\"font-family: verdana; font-size: medium;\"><b>Disclaimer &#8211; Nutzungshinweise<\/b><\/span><\/div>\n<\/div>\n<p class=\"bodytext\"><strong>(1) Haftungsbeschr\u00e4nkung<br \/>\n<\/strong><em><br \/>\n<\/em><span style=\"text-decoration: underline;\">Inhalte dieser Website<\/span><br \/>\nDie Inhalte dieser Website werden mit gr\u00f6\u00dftm\u00f6glicher Sorgfalt erstellt. Der Anbieter \u00fcbernimmt jedoch keine Haftung f\u00fcr die Richtigkeit, Vollst\u00e4ndigkeit und Aktualit\u00e4t der bereit gestellten Inhalte. Etwaige Beitr\u00e4ge Dritter geben die Meinung des jeweiligen Autors wieder.<br \/>\n<em><br \/>\n<\/em><span style=\"text-decoration: underline;\">Verf\u00fcgbarkeit der Website<\/span><br \/>\nDer Anbieter wird sich bem\u00fchen, den Dienst m\u00f6glichst unterbrechungsfrei zum Abruf anzubieten. Auch bei aller Sorgfalt k\u00f6nnen aber Ausfallzeiten nicht ausgeschlossen werden. Der Anbieter beh\u00e4lt sich das Recht vor, sein Angebot jederzeit zu \u00e4ndern oder einzustellen. Die Nutzung des Internets erfolgt auf eigene Gefahr des Nutzers.<br \/>\n<em><br \/>\n<\/em><span style=\"text-decoration: underline;\">Externe Links<\/span><br \/>\nDiese Website enth\u00e4lt Verkn\u00fcpfungen zu Websites Dritter (&#8222;externe Links&#8220;). Diese Websites unterliegen der Haftung der jeweiligen Betreiber. Der Anbieter hat bei der erstmaligen Verkn\u00fcpfung der externen Links die fremden Inhalte daraufhin \u00fcberpr\u00fcft, ob etwaige Rechtsverst\u00f6\u00dfe bestehen. Zu dem Zeitpunkt waren keine Rechtsverst\u00f6\u00dfe ersichtlich. Der Anbieter hat keinerlei Einfluss auf die aktuelle und zuk\u00fcnftige Gestaltung und auf die Inhalte der verkn\u00fcpften Seiten. Eine st\u00e4ndige Kontrolle dieser externen Links ist f\u00fcr den Anbieter ohne konkrete Hinweise auf Rechtsverst\u00f6\u00dfe nicht zumutbar. Bei Kenntnis von Rechtsverst\u00f6\u00dfen werden jedoch derartige externe Links unverz\u00fcglich gel\u00f6scht.<br \/>\n<em><br \/>\n<\/em><span style=\"text-decoration: underline;\">Werbeanzeigen und Preisangaben<\/span><br \/>\nF\u00fcr den Inhalt der Werbeanzeigen ist der jeweilige Autor verantwortlich, ebenso wie f\u00fcr den Inhalt der beworbenen Website. Die Darstellung der Werbeanzeige stellt keine Akzeptanz durch den Anbieter dar. Die platzierten Preisangaben f\u00fcr Produkte und Dienstleistungen sind ohne Gew\u00e4hr.<br \/>\n<em><br \/>\n<\/em><span style=\"text-decoration: underline;\">Sonstige Haftung<\/span><br \/>\nMit der Nutzung der Website des Anbieters kommt keinerlei Vertragsverh\u00e4ltnis zwischen dem Nutzer und dem Anbieter zustande. Insofern ergeben sich auch keinerlei vertragliche oder quasivertragliche Anspr\u00fcche gegen den Anbieter. F\u00fcr den Fall, dass die Nutzung der Website doch zu einem Vertragsverh\u00e4ltnis f\u00fchren sollte, gilt rein vorsorglich nachfolgende Haftungsbeschr\u00e4nkung: Der Anbieter haftet f\u00fcr Vorsatz und grobe Fahrl\u00e4ssigkeit sowie bei Verletzung einer wesentlichen Vertragspflicht (Kardinalpflicht). Der Anbieter haftet unter Begrenzung auf Ersatz des bei Vertragsschluss vorhersehbaren vertragstypischen Schadens f\u00fcr solche Sch\u00e4den, die auf einer leicht fahrl\u00e4ssigen Verletzung von Kardinalpflichten durch ihn oder eines seiner gesetzlichen Vertreter oder Erf\u00fcllungsgehilfen beruhen. Bei leicht fahrl\u00e4ssiger Verletzung von Nebenpflichten, die keine Kardinalpflichten sind, haftet der Anbieter nicht. Die Haftung f\u00fcr Sch\u00e4den, die in den Schutzbereich einer vom Anbieter gegebenen Garantie oder Zusicherung fallen sowie die Haftung f\u00fcr Anspr\u00fcche aufgrund des Produkthaftungsgesetzes und Sch\u00e4den aus der Verletzung des Lebens, des K\u00f6rpers oder der Gesundheit bleibt hiervon unber\u00fchrt.<\/p>\n<p>Sollte dennoch eine Verletzung als gegeben ansehen werden, bittet der Anbieter um einen vorherigen Hinweis und von kostenverursachenden Ma\u00dfnahmen abzusehen.<strong><br \/>\n<\/strong><\/p>\n<p class=\"bodytext\"><strong><br \/>\n(2) Urheberrecht<\/strong><\/p>\n<p>Die auf dieser Website ver\u00f6ffentlichten Inhalte und Werke sind urheberrechtlich gesch\u00fctzt. Jede vom deutschen Urheberrecht nicht zugelassene Verwertung bedarf der vorherigen schriftlichen Zustimmung des jeweiligen Autors oder Urhebers. Dies gilt insbesondere f\u00fcr Vervielf\u00e4ltigung, Bearbeitung, \u00dcbersetzung, Einspeicherung, Verarbeitung bzw. Wiedergabe von Inhalten in Datenbanken oder anderen elektronischen Medien und Systemen. Inhalte und Beitr\u00e4ge Dritter sind dabei als solche gekennzeichnet. Die unerlaubte Vervielf\u00e4ltigung oder Weitergabe einzelner Inhalte oder kompletter Seiten ist nicht gestattet und strafbar. Lediglich die Herstellung von Kopien und Downloads f\u00fcr den pers\u00f6nlichen, privaten und nicht kommerziellen Gebrauch ist erlaubt.<\/p>\n<p>Links zu den Websites des Anbieters sind jederzeit willkommen und bed\u00fcrfen keiner Zustimmung durch den Betreiber der Website. Die Darstellung dieser Website in fremden Frames ist nur mit Erlaubnis zul\u00e4ssig.<\/p>\n<p class=\"bodytext\"><strong><br \/>\n(3) Datenschutz<\/strong><\/p>\n<p>Durch den Besuch der Website des Anbieters k\u00f6nnen Informationen \u00fcber den Zugriff (Datum, Uhrzeit, betrachtete Seite) auf dem Server gespeichert werden. Diese Daten geh\u00f6ren nicht zu den personenbezogenen Daten, sondern sind anonymisiert. Sie werden ausschlie\u00dflich zu statistischen Zwecken ausgewertet. Eine Weitergabe an Dritte, zu kommerziellen oder nichtkommerziellen Zwecken, findet nicht statt.<\/p>\n<p>Des Weiteren k\u00f6nnen Daten auf dem Computer der Websitenutzer gespeichert werden. Diese Daten nennt man &#8222;Cookie&#8220;, die dazu dienen, das Zugriffsverhalten der Nutzer zu vereinfachen. Der Nutzer hat jedoch die M\u00f6glichkeit, diese Funktion innerhalb des jeweiligen Webbrowsers zu deaktivieren. In diesem Fall kann es jedoch zu Einschr\u00e4nkungen der Bedienbarkeit unserer Website kommen.<\/p>\n<p class=\"bodytext\">Der Anbieter weist ausdr\u00fccklich darauf hin, dass die Daten\u00fcbertragung im Internet (z.B. per E-Mail) Sicherheitsl\u00fccken aufweisen und nicht vor dem Zugriff durch Dritte zu 100% gesch\u00fctzt werden kann.<\/p>\n<p class=\"bodytext\">Die Verwendung der Kontaktdaten der Anbieterkennzeichnung &#8211; insbesondere der Telefon-\/Faxnummern und E-Mailadresse &#8211; zur gewerblichen Werbung ist ausdr\u00fccklich nicht erw\u00fcnscht, es sei denn der Anbieter hatte zuvor seine schriftliche Einwilligung erteilt oder es besteht bereits ein gesch\u00e4ftlicher Kontakt. Im Falle der Zuwiderhandlung beh\u00e4lt sich der Anbieter rechtliche Schritte vor.<strong><br \/>\n<\/strong><\/p>\n<p class=\"bodytext\"><strong><br \/>\n(4) Anwendbares Recht und Wirksamkeit<\/strong><\/p>\n<p>Es gilt ausschlie\u00dflich das ma\u00dfgebliche Recht der Bundesrepublik Deutschland. Sofern Teile oder einzelne Formulierungen von diesem Text unwirksam sind oder zuk\u00fcnftig werden, bleiben die \u00fcbrigen Teile in ihrem Inhalt und ihrer G\u00fcltigkeit davon unber\u00fchrt.<\/p>\n<p>Quelle:\u00a0<a class=\"external-link-new-window\" title=\"\u00d6ffnet einen externen Link in einem neuen Fenster\" href=\"http:\/\/www.juraforum.de\/disclaimer_muster\/\" target=\"_blank\" rel=\"noopener\">Disclaimer<\/a>\u00a0von Juraforum.de &#8211; das\u00a0<a href=\"http:\/\/www.juraforum.de\/\" target=\"_blank\" rel=\"noopener\">Recht<\/a>-Portal.<\/p>\n","protected":false},"excerpt":{"rendered":"<p>Freiwillige Feuerwehr\u00a0Schwaikheim Stefan Rauleder (Kommandant) Ahornweg 6 71409\u00a0Schwaikheim Telefon: +49 7195 \/ 950949 Fax: +49 7195 \/ 950944 Email: kommandant\u00a0(at)<\/p>\n","protected":false},"author":1,"featured_media":0,"parent":0,"menu_order":0,"comment_status":"closed","ping_status":"closed","template":"","meta":{"footnotes":""},"jetpack_sharing_enabled":true,"_links":{"self":[{"href":"http:\/\/feuerwehr-schwaikheim.de\/index.php\/wp-json\/wp\/v2\/pages\/116"}],"collection":[{"href":"http:\/\/feuerwehr-schwaikheim.de\/index.php\/wp-json\/wp\/v2\/pages"}],"about":[{"href":"http:\/\/feuerwehr-schwaikheim.de\/index.php\/wp-json\/wp\/v2\/types\/page"}],"author":[{"embeddable":true,"href":"http:\/\/feuerwehr-schwaikheim.de\/index.php\/wp-json\/wp\/v2\/users\/1"}],"replies":[{"embeddable":true,"href":"http:\/\/feuerwehr-schwaikheim.de\/index.php\/wp-json\/wp\/v2\/comments?post=116"}],"version-history":[{"count":8,"href":"http:\/\/feuerwehr-schwaikheim.de\/index.php\/wp-json\/wp\/v2\/pages\/116\/revisions"}],"predecessor-version":[{"id":1853,"href":"http:\/\/feuerwehr-schwaikheim.de\/index.php\/wp-json\/wp\/v2\/pages\/116\/revisions\/1853"}],"wp:attachment":[{"href":"http:\/\/feuerwehr-schwaikheim.de\/index.php\/wp-json\/wp\/v2\/media?parent=116"}],"curies":[{"name":"wp","href":"https:\/\/api.w.org\/{rel}","templated":true}]}}